{"id":8605,"date":"2024-04-24T15:20:37","date_gmt":"2024-04-24T20:20:37","guid":{"rendered":"https:\/\/nexo.legal\/?page_id=8605"},"modified":"2025-04-30T12:49:37","modified_gmt":"2025-04-30T17:49:37","slug":"thank-you-web-form","status":"publish","type":"page","link":"https:\/\/nexo.legal\/es\/thank-you-web-form\/","title":{"rendered":"Thank You web form"},"content":{"rendered":"<div data-elementor-type=\"wp-page\" data-elementor-id=\"8605\" class=\"elementor elementor-8605\" wpc-filter-elementor-widget=\"1\" data-elementor-post-type=\"page\">\n\t\t\t\t<div class=\"elementor-element elementor-element-edeb024 e-con-full e-flex e-con e-parent\" data-id=\"edeb024\" data-element_type=\"container\" data-e-type=\"container\" data-settings=\"{&quot;background_background&quot;:&quot;classic&quot;}\">\n\t\t<div class=\"elementor-element elementor-element-b8c69ac e-con-full e-flex e-con e-child\" data-id=\"b8c69ac\" data-element_type=\"container\" data-e-type=\"container\">\n\t\t\t\t<div class=\"elementor-element elementor-element-8e0dff4 elementor-view-default elementor-widget elementor-widget-icon\" data-id=\"8e0dff4\" data-element_type=\"widget\" data-e-type=\"widget\" data-widget_type=\"icon.default\">\n\t\t\t\t<div class=\"elementor-widget-container\">\n\t\t\t\t\t\t\t<div class=\"elementor-icon-wrapper\">\n\t\t\t<div class=\"elementor-icon\">\n\t\t\t<i aria-hidden=\"true\" class=\"fas fa-envelope-open\"><\/i>\t\t\t<\/div>\n\t\t<\/div>\n\t\t\t\t\t\t<\/div>\n\t\t\t\t<\/div>\n\t\t\t\t<\/div>\n\t\t\t\t<div class=\"elementor-element elementor-element-2f7ecb30 animated-slow elementor-invisible elementor-widget elementor-widget-heading\" data-id=\"2f7ecb30\" data-element_type=\"widget\" data-e-type=\"widget\" data-settings=\"{&quot;_animation&quot;:&quot;slideInUp&quot;}\" data-widget_type=\"heading.default\">\n\t\t\t\t<div class=\"elementor-widget-container\">\n\t\t\t\t\t<h2 class=\"elementor-heading-title elementor-size-default\">thank you for reaching out to us!<\/h2>\t\t\t\t<\/div>\n\t\t\t\t<\/div>\n\t\t\t\t<div class=\"elementor-element elementor-element-57ffa2da animated-slow elementor-invisible elementor-widget elementor-widget-heading\" data-id=\"57ffa2da\" data-element_type=\"widget\" data-e-type=\"widget\" data-settings=\"{&quot;_animation&quot;:&quot;slideInUp&quot;}\" data-widget_type=\"heading.default\">\n\t\t\t\t<div class=\"elementor-widget-container\">\n\t\t\t\t\t<h2 class=\"elementor-heading-title elementor-size-default\">Our team will review your submission and will contact you soon to address your inquiry.<\/h2>\t\t\t\t<\/div>\n\t\t\t\t<\/div>\n\t\t\t\t<\/div>\n\t\t<div class=\"elementor-element elementor-element-2f0ac805 e-flex e-con-boxed e-con e-parent\" data-id=\"2f0ac805\" data-element_type=\"container\" data-e-type=\"container\" data-settings=\"{&quot;background_background&quot;:&quot;gradient&quot;}\">\n\t\t\t\t\t<div class=\"e-con-inner\">\n\t\t<div class=\"elementor-element elementor-element-429fcd71 e-con-full e-flex e-con e-child\" data-id=\"429fcd71\" data-element_type=\"container\" data-e-type=\"container\">\n\t\t\t\t<\/div>\n\t\t<div class=\"elementor-element elementor-element-6d50f06f e-con-full e-flex e-con e-child\" data-id=\"6d50f06f\" data-element_type=\"container\" data-e-type=\"container\">\n\t\t\t\t<div class=\"elementor-element elementor-element-576e4022 elementor-widget__width-inherit elementor-widget-divider--view-line elementor-widget elementor-widget-divider\" data-id=\"576e4022\" data-element_type=\"widget\" data-e-type=\"widget\" data-widget_type=\"divider.default\">\n\t\t\t\t<div class=\"elementor-widget-container\">\n\t\t\t\t\t\t\t<div class=\"elementor-divider\">\n\t\t\t<span class=\"elementor-divider-separator\">\n\t\t\t\t\t\t<\/span>\n\t\t<\/div>\n\t\t\t\t\t\t<\/div>\n\t\t\t\t<\/div>\n\t\t\t\t<div class=\"elementor-element elementor-element-3b54d495 elementor-widget elementor-widget-icon-box\" data-id=\"3b54d495\" data-element_type=\"widget\" data-e-type=\"widget\" data-widget_type=\"icon-box.default\">\n\t\t\t\t<div class=\"elementor-widget-container\">\n\t\t\t\t\t\t\t<div class=\"elementor-icon-box-wrapper\">\n\n\t\t\t\n\t\t\t\t\t\t<div class=\"elementor-icon-box-content\">\n\n\t\t\t\t\t\t\t\t\t<h3 class=\"elementor-icon-box-title\">\n\t\t\t\t\t\t<span  >\n\t\t\t\t\t\t\tConecta con nosotros\t\t\t\t\t\t<\/span>\n\t\t\t\t\t<\/h3>\n\t\t\t\t\n\t\t\t\t\n\t\t\t<\/div>\n\t\t\t\n\t\t<\/div>\n\t\t\t\t\t\t<\/div>\n\t\t\t\t<\/div>\n\t\t\t\t<div class=\"elementor-element elementor-element-7fea568 elementor-shape-rounded elementor-grid-0 e-grid-align-center elementor-widget elementor-widget-social-icons\" data-id=\"7fea568\" data-element_type=\"widget\" data-e-type=\"widget\" data-widget_type=\"social-icons.default\">\n\t\t\t\t<div class=\"elementor-widget-container\">\n\t\t\t\t\t\t\t<div class=\"elementor-social-icons-wrapper elementor-grid\" role=\"list\">\n\t\t\t\t\t\t\t<span class=\"elementor-grid-item\" role=\"listitem\">\n\t\t\t\t\t<a class=\"elementor-icon elementor-social-icon elementor-social-icon-facebook elementor-repeater-item-31b648a\" href=\"https:\/\/www.facebook.com\/NexoLegalCo\" target=\"_blank\" rel=\"noopener\">\n\t\t\t\t\t\t<span class=\"elementor-screen-only\">Facebook<\/span>\n\t\t\t\t\t\t<i aria-hidden=\"true\" class=\"fab fa-facebook\"><\/i>\t\t\t\t\t<\/a>\n\t\t\t\t<\/span>\n\t\t\t\t\t\t\t<span class=\"elementor-grid-item\" role=\"listitem\">\n\t\t\t\t\t<a class=\"elementor-icon elementor-social-icon elementor-social-icon-instagram elementor-repeater-item-d2072b3\" href=\"https:\/\/www.instagram.com\/_nexolegal\/\" target=\"_blank\" rel=\"noopener\">\n\t\t\t\t\t\t<span class=\"elementor-screen-only\">Instagram<\/span>\n\t\t\t\t\t\t<i aria-hidden=\"true\" class=\"fab fa-instagram\"><\/i>\t\t\t\t\t<\/a>\n\t\t\t\t<\/span>\n\t\t\t\t\t\t\t<span class=\"elementor-grid-item\" role=\"listitem\">\n\t\t\t\t\t<a class=\"elementor-icon elementor-social-icon elementor-social-icon-youtube elementor-repeater-item-1df48bf\" href=\"https:\/\/www.youtube.com\/@_nexolegal\" target=\"_blank\" rel=\"noopener\">\n\t\t\t\t\t\t<span class=\"elementor-screen-only\">Youtube<\/span>\n\t\t\t\t\t\t<i aria-hidden=\"true\" class=\"fab fa-youtube\"><\/i>\t\t\t\t\t<\/a>\n\t\t\t\t<\/span>\n\t\t\t\t\t<\/div>\n\t\t\t\t\t\t<\/div>\n\t\t\t\t<\/div>\n\t\t\t\t<\/div>\n\t\t<div class=\"elementor-element elementor-element-7a4476c e-con-full e-flex e-con e-child\" data-id=\"7a4476c\" data-element_type=\"container\" data-e-type=\"container\">\n\t\t\t\t<\/div>\n\t\t\t\t\t<\/div>\n\t\t\t\t<\/div>\n\t\t<div class=\"elementor-element elementor-element-a8d8b38 e-flex e-con-boxed e-con e-parent\" data-id=\"a8d8b38\" data-element_type=\"container\" data-e-type=\"container\" data-settings=\"{&quot;background_background&quot;:&quot;classic&quot;}\">\n\t\t\t\t\t<div class=\"e-con-inner\">\n\t\t\t\t<div class=\"elementor-element elementor-element-f514092 elementor-widget-divider--view-line elementor-widget elementor-widget-divider\" data-id=\"f514092\" data-element_type=\"widget\" data-e-type=\"widget\" data-widget_type=\"divider.default\">\n\t\t\t\t<div class=\"elementor-widget-container\">\n\t\t\t\t\t\t\t<div class=\"elementor-divider\">\n\t\t\t<span class=\"elementor-divider-separator\">\n\t\t\t\t\t\t<\/span>\n\t\t<\/div>\n\t\t\t\t\t\t<\/div>\n\t\t\t\t<\/div>\n\t\t\t\t\t<\/div>\n\t\t\t\t<\/div>\n\t\t<div class=\"elementor-element elementor-element-5e6a473 e-flex e-con-boxed e-con e-parent\" data-id=\"5e6a473\" data-element_type=\"container\" data-e-type=\"container\" data-settings=\"{&quot;background_background&quot;:&quot;classic&quot;}\">\n\t\t\t\t\t<div class=\"e-con-inner\">\n\t\t\t\t<div class=\"elementor-element elementor-element-d005734 elementor-widget elementor-widget-heading\" data-id=\"d005734\" data-element_type=\"widget\" data-e-type=\"widget\" data-widget_type=\"heading.default\">\n\t\t\t\t<div class=\"elementor-widget-container\">\n\t\t\t\t\t<h2 class=\"elementor-heading-title elementor-size-default\">Visit our blog and find out more about:<\/h2>\t\t\t\t<\/div>\n\t\t\t\t<\/div>\n\t\t\t\t\t<\/div>\n\t\t\t\t<\/div>\n\t\t<div class=\"elementor-element elementor-element-94192d1 e-flex e-con-boxed e-con e-parent\" data-id=\"94192d1\" data-element_type=\"container\" data-e-type=\"container\" data-settings=\"{&quot;background_background&quot;:&quot;classic&quot;}\">\n\t\t\t\t\t<div class=\"e-con-inner\">\n\t\t\t\t<div class=\"elementor-element elementor-element-512ff86 elementor-grid-3 elementor-grid-tablet-2 elementor-grid-mobile-1 elementor-posts--align-left elementor-widget elementor-widget-blogmentor_blog_posts\" data-id=\"512ff86\" data-element_type=\"widget\" data-e-type=\"widget\" data-settings=\"{&quot;post_card_row_gap&quot;:{&quot;unit&quot;:&quot;px&quot;,&quot;size&quot;:18,&quot;sizes&quot;:[]},&quot;bm_grid_columns&quot;:&quot;3&quot;,&quot;bm_grid_columns_tablet&quot;:&quot;2&quot;,&quot;bm_grid_columns_mobile&quot;:&quot;1&quot;,&quot;post_card_grid_gap&quot;:{&quot;unit&quot;:&quot;px&quot;,&quot;size&quot;:10,&quot;sizes&quot;:[]}}\" data-widget_type=\"blogmentor_blog_posts.default\">\n\t\t\t\t<div class=\"elementor-widget-container\">\n\t\t\t\t\t\t\t\n\t\t\t\t\t\t\t\t<div class=\"bm-blog-posts-wrapper\" >\n\t\t\t\t\t\t\t<div class=\"bm-blog-posts bm-display-grid elementor-grid elementor-grid-3\" >\n\t\t\t\t    <article id=\"post-17496\" class=\"item bm_layout post-17496 post type-post status-publish format-standard has-post-thumbnail hentry category-all category-business-in-colombia category-how-to-guides-colombia category-legal-blogs\">\n\t\t<div class=\"bm-blog-post-image entry-post-image\">\n\t\t\t<div class=\"bm-post-image clearfix bm-hover-effect bm-hover-effect-blur\">\n\t\t\t\t<img fetchpriority=\"high\" decoding=\"async\" width=\"300\" height=\"200\" src=\"https:\/\/nexo.legal\/wp-content\/uploads\/2026\/04\/Change-of-Tax-Residency-Tax-Implications-of-Moving-to-Colombia-4-300x200.webp\" class=\"attachment-medium size-medium wp-post-image\" alt=\"company in colombia\" srcset=\"https:\/\/nexo.legal\/wp-content\/uploads\/2026\/04\/Change-of-Tax-Residency-Tax-Implications-of-Moving-to-Colombia-4-300x200.webp 300w, https:\/\/nexo.legal\/wp-content\/uploads\/2026\/04\/Change-of-Tax-Residency-Tax-Implications-of-Moving-to-Colombia-4-1024x683.webp 1024w, https:\/\/nexo.legal\/wp-content\/uploads\/2026\/04\/Change-of-Tax-Residency-Tax-Implications-of-Moving-to-Colombia-4-768x512.webp 768w, https:\/\/nexo.legal\/wp-content\/uploads\/2026\/04\/Change-of-Tax-Residency-Tax-Implications-of-Moving-to-Colombia-4-18x12.webp 18w, https:\/\/nexo.legal\/wp-content\/uploads\/2026\/04\/Change-of-Tax-Residency-Tax-Implications-of-Moving-to-Colombia-4.webp 1200w\" sizes=\"(max-width: 300px) 100vw, 300px\" title=\"\">\t\t\t<\/div>\n\t\t<\/div>\n        <div class=\"bm-blog-post-content bm_content_box\">\n            <h4 class=\"entry-post-title bm_title\"><a href=\"https:\/\/nexo.legal\/es\/company-in-colombia-as-a-foreigner\/\" rel=\"bookmark\">Can You Open a Company in Colombia Without Living here? Complete Guide 2026<\/a><\/h4>            <div class=\"bm-blog-post-meta entry-post-meta bm_meta\">\n                <span class=\"byauthor\"><i class=\"fa fa-user\" aria-hidden=\"true\"><\/i><span class=\"screen-reader-text\">Publicado por<\/span><span class=\"author vcard\"><a class=\"url fn n\" href=\"https:\/\/nexo.legal\/es\/author\/direccioncomercial\/\">Daniela Hern\u00e1ndez<\/a><\/span><\/span><span class=\"posted-on\"><i class=\"fa fa-clock\" aria-hidden=\"true\"><\/i><a href=\"https:\/\/nexo.legal\/es\/company-in-colombia-as-a-foreigner\/\" rel=\"bookmark\">abril 28, 2026<\/a><\/span><span class=\"comments-link\"><i class=\"fa fa-comments\" aria-hidden=\"true\"><\/i>0<\/span><span class=\"cat-links\"><i class=\"fa fa-list-alt\" aria-hidden=\"true\"><\/i>\n<span class=\"screen-reader-text\">Publicado en<\/span><a href=\"https:\/\/nexo.legal\/es\/all\/\" rel=\"category tag\">Todo<\/a>, <a href=\"https:\/\/nexo.legal\/es\/business-in-colombia\/\" rel=\"category tag\">Business in Colombia<\/a>, <a href=\"https:\/\/nexo.legal\/es\/how-to-guides-colombia\/\" rel=\"category tag\">How-To Guides<\/a>, <a href=\"https:\/\/nexo.legal\/es\/legal-blogs\/\" rel=\"category tag\">Legal<\/a><\/span>            <\/div>\n            <div class=\"entry-post-content bm_content\">\n                Yes, you can open a company in Colombia without living in the country. Colombian law allows non-resident foreigners to incorporate <div><a href=\"https:\/\/nexo.legal\/es\/company-in-colombia-as-a-foreigner\/\" rel=\"bookmark\" class=\"bm-read-more entry-read-more\">Read More \u00bb<\/a><div>            <\/div>\n        <\/div>\n    <\/article>\n    <article id=\"post-17376\" class=\"item bm_layout post-17376 post type-post status-publish format-standard has-post-thumbnail hentry category-all category-business-in-colombia category-real-estate-in-colombia category-tax-and-accounting-blogs category-taxes-in-colombia\">\n\t\t<div class=\"bm-blog-post-image entry-post-image\">\n\t\t\t<div class=\"bm-post-image clearfix bm-hover-effect bm-hover-effect-blur\">\n\t\t\t\t<img decoding=\"async\" width=\"300\" height=\"200\" src=\"https:\/\/nexo.legal\/wp-content\/uploads\/2026\/04\/36-300x200.webp\" class=\"attachment-medium size-medium wp-post-image\" alt=\"airbnb colombia\" srcset=\"https:\/\/nexo.legal\/wp-content\/uploads\/2026\/04\/36-300x200.webp 300w, https:\/\/nexo.legal\/wp-content\/uploads\/2026\/04\/36-1024x683.webp 1024w, https:\/\/nexo.legal\/wp-content\/uploads\/2026\/04\/36-768x512.webp 768w, https:\/\/nexo.legal\/wp-content\/uploads\/2026\/04\/36-1536x1024.webp 1536w, https:\/\/nexo.legal\/wp-content\/uploads\/2026\/04\/36-2048x1366.webp 2048w, https:\/\/nexo.legal\/wp-content\/uploads\/2026\/04\/36-18x12.webp 18w\" sizes=\"(max-width: 300px) 100vw, 300px\" title=\"\">\t\t\t<\/div>\n\t\t<\/div>\n        <div class=\"bm-blog-post-content bm_content_box\">\n            <h4 class=\"entry-post-title bm_title\"><a href=\"https:\/\/nexo.legal\/es\/airbnb-colombia-vs-long-term-rental\/\" rel=\"bookmark\">Airbnb vs Long-Term Rental en Colombia: diferencias clave en 2026<\/a><\/h4>            <div class=\"bm-blog-post-meta entry-post-meta bm_meta\">\n                <span class=\"byauthor\"><i class=\"fa fa-user\" aria-hidden=\"true\"><\/i><span class=\"screen-reader-text\">Publicado por<\/span><span class=\"author vcard\"><a class=\"url fn n\" href=\"https:\/\/nexo.legal\/es\/author\/direccioncomercial\/\">Daniela Hern\u00e1ndez<\/a><\/span><\/span><span class=\"posted-on\"><i class=\"fa fa-clock\" aria-hidden=\"true\"><\/i><a href=\"https:\/\/nexo.legal\/es\/airbnb-colombia-vs-long-term-rental\/\" rel=\"bookmark\">abril 24, 2026<\/a><\/span><span class=\"comments-link\"><i class=\"fa fa-comments\" aria-hidden=\"true\"><\/i>0<\/span><span class=\"cat-links\"><i class=\"fa fa-list-alt\" aria-hidden=\"true\"><\/i>\n<span class=\"screen-reader-text\">Publicado en<\/span><a href=\"https:\/\/nexo.legal\/es\/all\/\" rel=\"category tag\">Todo<\/a>, <a href=\"https:\/\/nexo.legal\/es\/business-in-colombia\/\" rel=\"category tag\">Business in Colombia<\/a>, <a href=\"https:\/\/nexo.legal\/es\/real-estate-in-colombia\/\" rel=\"category tag\">Real Estate in Colombia<\/a>, <a href=\"https:\/\/nexo.legal\/es\/tax-and-accounting-blogs\/\" rel=\"category tag\">Tributario y Contable<\/a>, <a href=\"https:\/\/nexo.legal\/es\/taxes-in-colombia\/\" rel=\"category tag\">Taxes in Colombia<\/a><\/span>            <\/div>\n            <div class=\"entry-post-content bm_content\">\n                If you own property in Colombia or are thinking about investing, one of the most important questions is this: Should <div><a href=\"https:\/\/nexo.legal\/es\/airbnb-colombia-vs-long-term-rental\/\" rel=\"bookmark\" class=\"bm-read-more entry-read-more\">Read More \u00bb<\/a><div>            <\/div>\n        <\/div>\n    <\/article>\n    <article id=\"post-17354\" class=\"item bm_layout post-17354 post type-post status-publish format-standard has-post-thumbnail hentry category-all category-business-in-colombia category-real-estate-in-colombia category-tax-and-accounting-blogs category-taxes-in-colombia\">\n\t\t<div class=\"bm-blog-post-image entry-post-image\">\n\t\t\t<div class=\"bm-post-image clearfix bm-hover-effect bm-hover-effect-blur\">\n\t\t\t\t<img decoding=\"async\" width=\"300\" height=\"200\" src=\"https:\/\/nexo.legal\/wp-content\/uploads\/2026\/04\/42-300x200.webp\" class=\"attachment-medium size-medium wp-post-image\" alt=\"airbnb colombia\" srcset=\"https:\/\/nexo.legal\/wp-content\/uploads\/2026\/04\/42-300x200.webp 300w, https:\/\/nexo.legal\/wp-content\/uploads\/2026\/04\/42-1024x683.webp 1024w, https:\/\/nexo.legal\/wp-content\/uploads\/2026\/04\/42-768x512.webp 768w, https:\/\/nexo.legal\/wp-content\/uploads\/2026\/04\/42-18x12.webp 18w, https:\/\/nexo.legal\/wp-content\/uploads\/2026\/04\/42.webp 1200w\" sizes=\"(max-width: 300px) 100vw, 300px\" title=\"\">\t\t\t<\/div>\n\t\t<\/div>\n        <div class=\"bm-blog-post-content bm_content_box\">\n            <h4 class=\"entry-post-title bm_title\"><a href=\"https:\/\/nexo.legal\/es\/airbnb-colombia-taxes-2026\/\" rel=\"bookmark\">\u00bfLos ingresos de Airbnb Colombia pagan impuestos? Gu\u00eda completa 2026<\/a><\/h4>            <div class=\"bm-blog-post-meta entry-post-meta bm_meta\">\n                <span class=\"byauthor\"><i class=\"fa fa-user\" aria-hidden=\"true\"><\/i><span class=\"screen-reader-text\">Publicado por<\/span><span class=\"author vcard\"><a class=\"url fn n\" href=\"https:\/\/nexo.legal\/es\/author\/contabilidadnexo\/\">Camila Andrea Granados<\/a><\/span><\/span><span class=\"posted-on\"><i class=\"fa fa-clock\" aria-hidden=\"true\"><\/i><a href=\"https:\/\/nexo.legal\/es\/airbnb-colombia-taxes-2026\/\" rel=\"bookmark\">abril 23, 2026<\/a><\/span><span class=\"comments-link\"><i class=\"fa fa-comments\" aria-hidden=\"true\"><\/i>0<\/span><span class=\"cat-links\"><i class=\"fa fa-list-alt\" aria-hidden=\"true\"><\/i>\n<span class=\"screen-reader-text\">Publicado en<\/span><a href=\"https:\/\/nexo.legal\/es\/all\/\" rel=\"category tag\">Todo<\/a>, <a href=\"https:\/\/nexo.legal\/es\/business-in-colombia\/\" rel=\"category tag\">Business in Colombia<\/a>, <a href=\"https:\/\/nexo.legal\/es\/real-estate-in-colombia\/\" rel=\"category tag\">Real Estate in Colombia<\/a>, <a href=\"https:\/\/nexo.legal\/es\/tax-and-accounting-blogs\/\" rel=\"category tag\">Tributario y Contable<\/a>, <a href=\"https:\/\/nexo.legal\/es\/taxes-in-colombia\/\" rel=\"category tag\">Taxes in Colombia<\/a><\/span>            <\/div>\n            <div class=\"entry-post-content bm_content\">\n                If you earn money renting a property through Airbnb Colombia, it is normal to ask: do I need to pay <div><a href=\"https:\/\/nexo.legal\/es\/airbnb-colombia-taxes-2026\/\" rel=\"bookmark\" class=\"bm-read-more entry-read-more\">Read More \u00bb<\/a><div>            <\/div>\n        <\/div>\n    <\/article>\n    <article id=\"post-17337\" class=\"item bm_layout post-17337 post type-post status-publish format-standard has-post-thumbnail hentry category-all category-business-in-colombia category-tax-and-accounting-blogs category-taxes-in-colombia\">\n\t\t<div class=\"bm-blog-post-image entry-post-image\">\n\t\t\t<div class=\"bm-post-image clearfix bm-hover-effect bm-hover-effect-blur\">\n\t\t\t\t<img loading=\"lazy\" decoding=\"async\" width=\"300\" height=\"200\" src=\"https:\/\/nexo.legal\/wp-content\/uploads\/2026\/04\/39-1-300x200.webp\" class=\"attachment-medium size-medium wp-post-image\" alt=\"\" srcset=\"https:\/\/nexo.legal\/wp-content\/uploads\/2026\/04\/39-1-300x200.webp 300w, https:\/\/nexo.legal\/wp-content\/uploads\/2026\/04\/39-1-1024x683.webp 1024w, https:\/\/nexo.legal\/wp-content\/uploads\/2026\/04\/39-1-768x512.webp 768w, https:\/\/nexo.legal\/wp-content\/uploads\/2026\/04\/39-1-18x12.webp 18w, https:\/\/nexo.legal\/wp-content\/uploads\/2026\/04\/39-1.webp 1200w\" sizes=\"(max-width: 300px) 100vw, 300px\" title=\"\">\t\t\t<\/div>\n\t\t<\/div>\n        <div class=\"bm-blog-post-content bm_content_box\">\n            <h4 class=\"entry-post-title bm_title\"><a href=\"https:\/\/nexo.legal\/es\/taxes-mistakes-business-in-colombia\/\" rel=\"bookmark\">Errores contables comunes que cometen los emprendedores extranjeros en Colombia (Gu\u00eda 2026)<\/a><\/h4>            <div class=\"bm-blog-post-meta entry-post-meta bm_meta\">\n                <span class=\"byauthor\"><i class=\"fa fa-user\" aria-hidden=\"true\"><\/i><span class=\"screen-reader-text\">Publicado por<\/span><span class=\"author vcard\"><a class=\"url fn n\" href=\"https:\/\/nexo.legal\/es\/author\/direccioncomercial\/\">Daniela Hern\u00e1ndez<\/a><\/span><\/span><span class=\"posted-on\"><i class=\"fa fa-clock\" aria-hidden=\"true\"><\/i><a href=\"https:\/\/nexo.legal\/es\/taxes-mistakes-business-in-colombia\/\" rel=\"bookmark\">abril 17, 2026<\/a><\/span><span class=\"comments-link\"><i class=\"fa fa-comments\" aria-hidden=\"true\"><\/i>0<\/span><span class=\"cat-links\"><i class=\"fa fa-list-alt\" aria-hidden=\"true\"><\/i>\n<span class=\"screen-reader-text\">Publicado en<\/span><a href=\"https:\/\/nexo.legal\/es\/all\/\" rel=\"category tag\">Todo<\/a>, <a href=\"https:\/\/nexo.legal\/es\/business-in-colombia\/\" rel=\"category tag\">Business in Colombia<\/a>, <a href=\"https:\/\/nexo.legal\/es\/tax-and-accounting-blogs\/\" rel=\"category tag\">Tributario y Contable<\/a>, <a href=\"https:\/\/nexo.legal\/es\/taxes-in-colombia\/\" rel=\"category tag\">Taxes in Colombia<\/a><\/span>            <\/div>\n            <div class=\"entry-post-content bm_content\">\n                If you are doing business in Colombia as a foreigner, there is one key thing you need to understand from <div><a href=\"https:\/\/nexo.legal\/es\/taxes-mistakes-business-in-colombia\/\" rel=\"bookmark\" class=\"bm-read-more entry-read-more\">Read More \u00bb<\/a><div>            <\/div>\n        <\/div>\n    <\/article>\n    <article id=\"post-17327\" class=\"item bm_layout post-17327 post type-post status-publish format-standard has-post-thumbnail hentry category-all category-colombian-visas-immigration category-immigration-blogs\">\n\t\t<div class=\"bm-blog-post-image entry-post-image\">\n\t\t\t<div class=\"bm-post-image clearfix bm-hover-effect bm-hover-effect-blur\">\n\t\t\t\t<img loading=\"lazy\" decoding=\"async\" width=\"300\" height=\"200\" src=\"https:\/\/nexo.legal\/wp-content\/uploads\/2026\/04\/38-1-300x200.webp\" class=\"attachment-medium size-medium wp-post-image\" alt=\"\" srcset=\"https:\/\/nexo.legal\/wp-content\/uploads\/2026\/04\/38-1-300x200.webp 300w, https:\/\/nexo.legal\/wp-content\/uploads\/2026\/04\/38-1-1024x683.webp 1024w, https:\/\/nexo.legal\/wp-content\/uploads\/2026\/04\/38-1-768x512.webp 768w, https:\/\/nexo.legal\/wp-content\/uploads\/2026\/04\/38-1-18x12.webp 18w, https:\/\/nexo.legal\/wp-content\/uploads\/2026\/04\/38-1.webp 1200w\" sizes=\"(max-width: 300px) 100vw, 300px\" title=\"\">\t\t\t<\/div>\n\t\t<\/div>\n        <div class=\"bm-blog-post-content bm_content_box\">\n            <h4 class=\"entry-post-title bm_title\"><a href=\"https:\/\/nexo.legal\/es\/overstaying-in-colombia-fines\/\" rel=\"bookmark\">Quedarse m\u00e1s tiempo del permitido en Colombia: multas y consecuencias (Gu\u00eda 2026)<\/a><\/h4>            <div class=\"bm-blog-post-meta entry-post-meta bm_meta\">\n                <span class=\"byauthor\"><i class=\"fa fa-user\" aria-hidden=\"true\"><\/i><span class=\"screen-reader-text\">Publicado por<\/span><span class=\"author vcard\"><a class=\"url fn n\" href=\"https:\/\/nexo.legal\/es\/author\/direccioncomercial\/\">Daniela Hern\u00e1ndez<\/a><\/span><\/span><span class=\"posted-on\"><i class=\"fa fa-clock\" aria-hidden=\"true\"><\/i><a href=\"https:\/\/nexo.legal\/es\/overstaying-in-colombia-fines\/\" rel=\"bookmark\">abril 17, 2026<\/a><\/span><span class=\"comments-link\"><i class=\"fa fa-comments\" aria-hidden=\"true\"><\/i>0<\/span><span class=\"cat-links\"><i class=\"fa fa-list-alt\" aria-hidden=\"true\"><\/i>\n<span class=\"screen-reader-text\">Publicado en<\/span><a href=\"https:\/\/nexo.legal\/es\/all\/\" rel=\"category tag\">Todo<\/a>, <a href=\"https:\/\/nexo.legal\/es\/colombian-visas-immigration\/\" rel=\"category tag\">Colombian Visas &amp; Immigration<\/a>, <a href=\"https:\/\/nexo.legal\/es\/immigration-blogs\/\" rel=\"category tag\">Migratorio<\/a><\/span>            <\/div>\n            <div class=\"entry-post-content bm_content\">\n                If you stay longer than allowed in Colombia, you enter what the law considers an irregular stay. This can lead <div><a href=\"https:\/\/nexo.legal\/es\/overstaying-in-colombia-fines\/\" rel=\"bookmark\" class=\"bm-read-more entry-read-more\">Read More \u00bb<\/a><div>            <\/div>\n        <\/div>\n    <\/article>\n    <article id=\"post-17319\" class=\"item bm_layout post-17319 post type-post status-publish format-standard has-post-thumbnail hentry category-all category-business-in-colombia category-legal-blogs category-living-in-colombia category-colombia-news\">\n\t\t<div class=\"bm-blog-post-image entry-post-image\">\n\t\t\t<div class=\"bm-post-image clearfix bm-hover-effect bm-hover-effect-blur\">\n\t\t\t\t<img loading=\"lazy\" decoding=\"async\" width=\"300\" height=\"200\" src=\"https:\/\/nexo.legal\/wp-content\/uploads\/2026\/04\/43-300x200.webp\" class=\"attachment-medium size-medium wp-post-image\" alt=\"\" srcset=\"https:\/\/nexo.legal\/wp-content\/uploads\/2026\/04\/43-300x200.webp 300w, https:\/\/nexo.legal\/wp-content\/uploads\/2026\/04\/43-1024x683.webp 1024w, https:\/\/nexo.legal\/wp-content\/uploads\/2026\/04\/43-768x512.webp 768w, https:\/\/nexo.legal\/wp-content\/uploads\/2026\/04\/43-18x12.webp 18w, https:\/\/nexo.legal\/wp-content\/uploads\/2026\/04\/43.webp 1200w\" sizes=\"(max-width: 300px) 100vw, 300px\" title=\"\">\t\t\t<\/div>\n\t\t<\/div>\n        <div class=\"bm-blog-post-content bm_content_box\">\n            <h4 class=\"entry-post-title bm_title\"><a href=\"https:\/\/nexo.legal\/es\/central-bank-independence\/\" rel=\"bookmark\">Por que\u0301 la independencia del banco central importa ma\u0301s que quie\u0301n gobierna<\/a><\/h4>            <div class=\"bm-blog-post-meta entry-post-meta bm_meta\">\n                <span class=\"byauthor\"><i class=\"fa fa-user\" aria-hidden=\"true\"><\/i><span class=\"screen-reader-text\">Publicado por<\/span><span class=\"author vcard\"><a class=\"url fn n\" href=\"https:\/\/nexo.legal\/es\/author\/mateomonsalve\/\">Mateo Monsalve<\/a><\/span><\/span><span class=\"posted-on\"><i class=\"fa fa-clock\" aria-hidden=\"true\"><\/i><a href=\"https:\/\/nexo.legal\/es\/central-bank-independence\/\" rel=\"bookmark\">abril 17, 2026<\/a><\/span><span class=\"comments-link\"><i class=\"fa fa-comments\" aria-hidden=\"true\"><\/i>0<\/span><span class=\"cat-links\"><i class=\"fa fa-list-alt\" aria-hidden=\"true\"><\/i>\n<span class=\"screen-reader-text\">Publicado en<\/span><a href=\"https:\/\/nexo.legal\/es\/all\/\" rel=\"category tag\">Todo<\/a>, <a href=\"https:\/\/nexo.legal\/es\/business-in-colombia\/\" rel=\"category tag\">Business in Colombia<\/a>, <a href=\"https:\/\/nexo.legal\/es\/legal-blogs\/\" rel=\"category tag\">Legal<\/a>, <a href=\"https:\/\/nexo.legal\/es\/living-in-colombia\/\" rel=\"category tag\">Living in Colombia<\/a>, <a href=\"https:\/\/nexo.legal\/es\/colombia-news\/\" rel=\"category tag\">News &amp; Law Updates<\/a><\/span>            <\/div>\n            <div class=\"entry-post-content bm_content\">\n                Lessons from Colombia, Peru, and the United States for InvestorsIn Colombia, the president appointed three of the five board members <div><a href=\"https:\/\/nexo.legal\/es\/central-bank-independence\/\" rel=\"bookmark\" class=\"bm-read-more entry-read-more\">Read More \u00bb<\/a><div>            <\/div>\n        <\/div>\n    <\/article>\n    <article id=\"post-17312\" class=\"item bm_layout post-17312 post type-post status-publish format-standard has-post-thumbnail hentry category-all category-colombian-visas-immigration category-how-to-guides-colombia category-immigration-blogs\">\n\t\t<div class=\"bm-blog-post-image entry-post-image\">\n\t\t\t<div class=\"bm-post-image clearfix bm-hover-effect bm-hover-effect-blur\">\n\t\t\t\t<img loading=\"lazy\" decoding=\"async\" width=\"300\" height=\"200\" src=\"https:\/\/nexo.legal\/wp-content\/uploads\/2026\/04\/32-300x200.webp\" class=\"attachment-medium size-medium wp-post-image\" alt=\"visa colombia\" srcset=\"https:\/\/nexo.legal\/wp-content\/uploads\/2026\/04\/32-300x200.webp 300w, https:\/\/nexo.legal\/wp-content\/uploads\/2026\/04\/32-1024x683.webp 1024w, https:\/\/nexo.legal\/wp-content\/uploads\/2026\/04\/32-768x512.webp 768w, https:\/\/nexo.legal\/wp-content\/uploads\/2026\/04\/32-18x12.webp 18w, https:\/\/nexo.legal\/wp-content\/uploads\/2026\/04\/32.webp 1200w\" sizes=\"(max-width: 300px) 100vw, 300px\" title=\"\">\t\t\t<\/div>\n\t\t<\/div>\n        <div class=\"bm-blog-post-content bm_content_box\">\n            <h4 class=\"entry-post-title bm_title\"><a href=\"https:\/\/nexo.legal\/es\/visa-colombia-tourist\/\" rel=\"bookmark\">\u00bfCu\u00e1nto tiempo puedes quedarte en Colombia como turista? (Gu\u00eda 2026)<\/a><\/h4>            <div class=\"bm-blog-post-meta entry-post-meta bm_meta\">\n                <span class=\"byauthor\"><i class=\"fa fa-user\" aria-hidden=\"true\"><\/i><span class=\"screen-reader-text\">Publicado por<\/span><span class=\"author vcard\"><a class=\"url fn n\" href=\"https:\/\/nexo.legal\/es\/author\/direccioncomercial\/\">Daniela Hern\u00e1ndez<\/a><\/span><\/span><span class=\"posted-on\"><i class=\"fa fa-clock\" aria-hidden=\"true\"><\/i><a href=\"https:\/\/nexo.legal\/es\/visa-colombia-tourist\/\" rel=\"bookmark\">abril 10, 2026<\/a><\/span><span class=\"comments-link\"><i class=\"fa fa-comments\" aria-hidden=\"true\"><\/i>0<\/span><span class=\"cat-links\"><i class=\"fa fa-list-alt\" aria-hidden=\"true\"><\/i>\n<span class=\"screen-reader-text\">Publicado en<\/span><a href=\"https:\/\/nexo.legal\/es\/all\/\" rel=\"category tag\">Todo<\/a>, <a href=\"https:\/\/nexo.legal\/es\/colombian-visas-immigration\/\" rel=\"category tag\">Colombian Visas &amp; Immigration<\/a>, <a href=\"https:\/\/nexo.legal\/es\/how-to-guides-colombia\/\" rel=\"category tag\">How-To Guides<\/a>, <a href=\"https:\/\/nexo.legal\/es\/immigration-blogs\/\" rel=\"category tag\">Migratorio<\/a><\/span>            <\/div>\n            <div class=\"entry-post-content bm_content\">\n                If you are planning to travel to Colombia as a tourist or exploring your visa Colombia options, there is one <div><a href=\"https:\/\/nexo.legal\/es\/visa-colombia-tourist\/\" rel=\"bookmark\" class=\"bm-read-more entry-read-more\">Read More \u00bb<\/a><div>            <\/div>\n        <\/div>\n    <\/article>\n    <article id=\"post-17304\" class=\"item bm_layout post-17304 post type-post status-publish format-standard has-post-thumbnail hentry category-all category-living-in-colombia category-tax-and-accounting-blogs category-taxes-in-colombia\">\n\t\t<div class=\"bm-blog-post-image entry-post-image\">\n\t\t\t<div class=\"bm-post-image clearfix bm-hover-effect bm-hover-effect-blur\">\n\t\t\t\t<img loading=\"lazy\" decoding=\"async\" width=\"300\" height=\"200\" src=\"https:\/\/nexo.legal\/wp-content\/uploads\/2026\/04\/34-300x200.webp\" class=\"attachment-medium size-medium wp-post-image\" alt=\"wealth tax\" srcset=\"https:\/\/nexo.legal\/wp-content\/uploads\/2026\/04\/34-300x200.webp 300w, https:\/\/nexo.legal\/wp-content\/uploads\/2026\/04\/34-1024x683.webp 1024w, https:\/\/nexo.legal\/wp-content\/uploads\/2026\/04\/34-768x512.webp 768w, https:\/\/nexo.legal\/wp-content\/uploads\/2026\/04\/34-18x12.webp 18w, https:\/\/nexo.legal\/wp-content\/uploads\/2026\/04\/34.webp 1200w\" sizes=\"(max-width: 300px) 100vw, 300px\" title=\"\">\t\t\t<\/div>\n\t\t<\/div>\n        <div class=\"bm-blog-post-content bm_content_box\">\n            <h4 class=\"entry-post-title bm_title\"><a href=\"https:\/\/nexo.legal\/es\/wealth-tax-colombia-2026\/\" rel=\"bookmark\">Impuesto al patrimonio en Colombia 2026: \u00bfQui\u00e9n debe pagarlo?<\/a><\/h4>            <div class=\"bm-blog-post-meta entry-post-meta bm_meta\">\n                <span class=\"byauthor\"><i class=\"fa fa-user\" aria-hidden=\"true\"><\/i><span class=\"screen-reader-text\">Publicado por<\/span><span class=\"author vcard\"><a class=\"url fn n\" href=\"https:\/\/nexo.legal\/es\/author\/direccioncomercial\/\">Daniela Hern\u00e1ndez<\/a><\/span><\/span><span class=\"posted-on\"><i class=\"fa fa-clock\" aria-hidden=\"true\"><\/i><a href=\"https:\/\/nexo.legal\/es\/wealth-tax-colombia-2026\/\" rel=\"bookmark\">abril 10, 2026<\/a><\/span><span class=\"comments-link\"><i class=\"fa fa-comments\" aria-hidden=\"true\"><\/i>0<\/span><span class=\"cat-links\"><i class=\"fa fa-list-alt\" aria-hidden=\"true\"><\/i>\n<span class=\"screen-reader-text\">Publicado en<\/span><a href=\"https:\/\/nexo.legal\/es\/all\/\" rel=\"category tag\">Todo<\/a>, <a href=\"https:\/\/nexo.legal\/es\/living-in-colombia\/\" rel=\"category tag\">Living in Colombia<\/a>, <a href=\"https:\/\/nexo.legal\/es\/tax-and-accounting-blogs\/\" rel=\"category tag\">Tributario y Contable<\/a>, <a href=\"https:\/\/nexo.legal\/es\/taxes-in-colombia\/\" rel=\"category tag\">Taxes in Colombia<\/a><\/span>            <\/div>\n            <div class=\"entry-post-content bm_content\">\n                If your net worth exceeds a certain level in Colombia, you may be required to pay the wealth tax in <div><a href=\"https:\/\/nexo.legal\/es\/wealth-tax-colombia-2026\/\" rel=\"bookmark\" class=\"bm-read-more entry-read-more\">Read More \u00bb<\/a><div>            <\/div>\n        <\/div>\n    <\/article>\n    <article id=\"post-17295\" class=\"item bm_layout post-17295 post type-post status-publish format-standard has-post-thumbnail hentry category-all category-colombian-visas-immigration category-how-to-guides-colombia category-immigration-blogs category-living-in-colombia category-tax-and-accounting-blogs category-taxes-in-colombia\">\n\t\t<div class=\"bm-blog-post-image entry-post-image\">\n\t\t\t<div class=\"bm-post-image clearfix bm-hover-effect bm-hover-effect-blur\">\n\t\t\t\t<img loading=\"lazy\" decoding=\"async\" width=\"300\" height=\"200\" src=\"https:\/\/nexo.legal\/wp-content\/uploads\/2026\/04\/33-300x200.webp\" class=\"attachment-medium size-medium wp-post-image\" alt=\"digital nomads colombia\" srcset=\"https:\/\/nexo.legal\/wp-content\/uploads\/2026\/04\/33-300x200.webp 300w, https:\/\/nexo.legal\/wp-content\/uploads\/2026\/04\/33-1024x683.webp 1024w, https:\/\/nexo.legal\/wp-content\/uploads\/2026\/04\/33-768x512.webp 768w, https:\/\/nexo.legal\/wp-content\/uploads\/2026\/04\/33-18x12.webp 18w, https:\/\/nexo.legal\/wp-content\/uploads\/2026\/04\/33.webp 1200w\" sizes=\"(max-width: 300px) 100vw, 300px\" title=\"\">\t\t\t<\/div>\n\t\t<\/div>\n        <div class=\"bm-blog-post-content bm_content_box\">\n            <h4 class=\"entry-post-title bm_title\"><a href=\"https:\/\/nexo.legal\/es\/digital-nomads-colombia-taxes-2026\/\" rel=\"bookmark\">C\u00f3mo Colombia grava a los trabajadores remotos y n\u00f3madas digitales (Gu\u00eda 2026)<\/a><\/h4>            <div class=\"bm-blog-post-meta entry-post-meta bm_meta\">\n                <span class=\"byauthor\"><i class=\"fa fa-user\" aria-hidden=\"true\"><\/i><span class=\"screen-reader-text\">Publicado por<\/span><span class=\"author vcard\"><a class=\"url fn n\" href=\"https:\/\/nexo.legal\/es\/author\/direccioncomercial\/\">Daniela Hern\u00e1ndez<\/a><\/span><\/span><span class=\"posted-on\"><i class=\"fa fa-clock\" aria-hidden=\"true\"><\/i><a href=\"https:\/\/nexo.legal\/es\/digital-nomads-colombia-taxes-2026\/\" rel=\"bookmark\">abril 9, 2026<\/a><\/span><span class=\"comments-link\"><i class=\"fa fa-comments\" aria-hidden=\"true\"><\/i>0<\/span><span class=\"cat-links\"><i class=\"fa fa-list-alt\" aria-hidden=\"true\"><\/i>\n<span class=\"screen-reader-text\">Publicado en<\/span><a href=\"https:\/\/nexo.legal\/es\/all\/\" rel=\"category tag\">Todo<\/a>, <a href=\"https:\/\/nexo.legal\/es\/colombian-visas-immigration\/\" rel=\"category tag\">Colombian Visas &amp; Immigration<\/a>, <a href=\"https:\/\/nexo.legal\/es\/how-to-guides-colombia\/\" rel=\"category tag\">How-To Guides<\/a>, <a href=\"https:\/\/nexo.legal\/es\/immigration-blogs\/\" rel=\"category tag\">Migratorio<\/a>, <a href=\"https:\/\/nexo.legal\/es\/living-in-colombia\/\" rel=\"category tag\">Living in Colombia<\/a>, <a href=\"https:\/\/nexo.legal\/es\/tax-and-accounting-blogs\/\" rel=\"category tag\">Tributario y Contable<\/a>, <a href=\"https:\/\/nexo.legal\/es\/taxes-in-colombia\/\" rel=\"category tag\">Taxes in Colombia<\/a><\/span>            <\/div>\n            <div class=\"entry-post-content bm_content\">\n                If you work remotely from Colombia, the key question is: Do you have to pay taxes? The answer depends on <div><a href=\"https:\/\/nexo.legal\/es\/digital-nomads-colombia-taxes-2026\/\" rel=\"bookmark\" class=\"bm-read-more entry-read-more\">Read More \u00bb<\/a><div>            <\/div>\n        <\/div>\n    <\/article>\n    <article id=\"post-17283\" class=\"item bm_layout post-17283 post type-post status-publish format-standard has-post-thumbnail hentry category-all category-colombian-visas-immigration category-how-to-guides-colombia category-immigration-blogs category-living-in-colombia\">\n\t\t<div class=\"bm-blog-post-image entry-post-image\">\n\t\t\t<div class=\"bm-post-image clearfix bm-hover-effect bm-hover-effect-blur\">\n\t\t\t\t<img loading=\"lazy\" decoding=\"async\" width=\"300\" height=\"200\" src=\"https:\/\/nexo.legal\/wp-content\/uploads\/2026\/04\/31-300x200.webp\" class=\"attachment-medium size-medium wp-post-image\" alt=\"colombian visa\" srcset=\"https:\/\/nexo.legal\/wp-content\/uploads\/2026\/04\/31-300x200.webp 300w, https:\/\/nexo.legal\/wp-content\/uploads\/2026\/04\/31-1024x683.webp 1024w, https:\/\/nexo.legal\/wp-content\/uploads\/2026\/04\/31-768x512.webp 768w, https:\/\/nexo.legal\/wp-content\/uploads\/2026\/04\/31-18x12.webp 18w, https:\/\/nexo.legal\/wp-content\/uploads\/2026\/04\/31.webp 1200w\" sizes=\"(max-width: 300px) 100vw, 300px\" title=\"\">\t\t\t<\/div>\n\t\t<\/div>\n        <div class=\"bm-blog-post-content bm_content_box\">\n            <h4 class=\"entry-post-title bm_title\"><a href=\"https:\/\/nexo.legal\/es\/colombian-visa-denied-2026\/\" rel=\"bookmark\">What happens if your Colombian visa is denied? (2026 Guide)<\/a><\/h4>            <div class=\"bm-blog-post-meta entry-post-meta bm_meta\">\n                <span class=\"byauthor\"><i class=\"fa fa-user\" aria-hidden=\"true\"><\/i><span class=\"screen-reader-text\">Publicado por<\/span><span class=\"author vcard\"><a class=\"url fn n\" href=\"https:\/\/nexo.legal\/es\/author\/direccionmigratoria\/\">Tom\u00e1s Restrepo<\/a><\/span><\/span><span class=\"posted-on\"><i class=\"fa fa-clock\" aria-hidden=\"true\"><\/i><a href=\"https:\/\/nexo.legal\/es\/colombian-visa-denied-2026\/\" rel=\"bookmark\">abril 9, 2026<\/a><\/span><span class=\"comments-link\"><i class=\"fa fa-comments\" aria-hidden=\"true\"><\/i>0<\/span><span class=\"cat-links\"><i class=\"fa fa-list-alt\" aria-hidden=\"true\"><\/i>\n<span class=\"screen-reader-text\">Publicado en<\/span><a href=\"https:\/\/nexo.legal\/es\/all\/\" rel=\"category tag\">Todo<\/a>, <a href=\"https:\/\/nexo.legal\/es\/colombian-visas-immigration\/\" rel=\"category tag\">Colombian Visas &amp; Immigration<\/a>, <a href=\"https:\/\/nexo.legal\/es\/how-to-guides-colombia\/\" rel=\"category tag\">How-To Guides<\/a>, <a href=\"https:\/\/nexo.legal\/es\/immigration-blogs\/\" rel=\"category tag\">Migratorio<\/a>, <a href=\"https:\/\/nexo.legal\/es\/living-in-colombia\/\" rel=\"category tag\">Living in Colombia<\/a><\/span>            <\/div>\n            <div class=\"entry-post-content bm_content\">\n                If you applied for a visa to Colombia and received a negative response, it is normal to ask: What does <div><a href=\"https:\/\/nexo.legal\/es\/colombian-visa-denied-2026\/\" rel=\"bookmark\" class=\"bm-read-more entry-read-more\">Read More \u00bb<\/a><div>            <\/div>\n        <\/div>\n    <\/article>\n\t\t\t\t<\/div><\/div>\n\t\t\t\t\t\t\t\t<\/div>\n\t\t\t\t<\/div>\n\t\t\t\t\t<\/div>\n\t\t\t\t<\/div>\n\t\t\t\t<\/div>","protected":false},"excerpt":{"rendered":"<p>thank you for reaching out to us! Our team will review your submission and will contact you soon to address [&hellip;]<\/p>\n","protected":false},"author":1,"featured_media":0,"parent":0,"menu_order":0,"comment_status":"closed","ping_status":"closed","template":"","meta":{"site-sidebar-layout":"no-sidebar","site-content-layout":"","ast-site-content-layout":"full-width-container","site-content-style":"default","site-sidebar-style":"default","ast-global-header-display":"","ast-banner-title-visibility":"","ast-main-header-display":"","ast-hfb-above-header-display":"","ast-hfb-below-header-display":"","ast-hfb-mobile-header-display":"","site-post-title":"disabled","ast-breadcrumbs-content":"","ast-featured-img":"disabled","footer-sml-layout":"","ast-disable-related-posts":"","theme-transparent-header-meta":"","adv-header-id-meta":"","stick-header-meta":"","header-above-stick-meta":"","header-main-stick-meta":"","header-below-stick-meta":"","astra-migrate-meta-layouts":"default","ast-page-background-enabled":"default","ast-page-background-meta":{"desktop":{"background-color":"var(--ast-global-color-4)","background-image":"","background-repeat":"repeat","background-position":"center center","background-size":"auto","background-attachment":"scroll","background-type":"","background-media":"","overlay-type":"","overlay-color":"","overlay-opacity":"","overlay-gradient":""},"tablet":{"background-color":"","background-image":"","background-repeat":"repeat","background-position":"center center","background-size":"auto","background-attachment":"scroll","background-type":"","background-media":"","overlay-type":"","overlay-color":"","overlay-opacity":"","overlay-gradient":""},"mobile":{"background-color":"","background-image":"","background-repeat":"repeat","background-position":"center center","background-size":"auto","background-attachment":"scroll","background-type":"","background-media":"","overlay-type":"","overlay-color":"","overlay-opacity":"","overlay-gradient":""}},"ast-content-background-meta":{"desktop":{"background-color":"var(--ast-global-color-5)","background-image":"","background-repeat":"repeat","background-position":"center center","background-size":"auto","background-attachment":"scroll","background-type":"","background-media":"","overlay-type":"","overlay-color":"","overlay-opacity":"","overlay-gradient":""},"tablet":{"background-color":"var(--ast-global-color-5)","background-image":"","background-repeat":"repeat","background-position":"center center","background-size":"auto","background-attachment":"scroll","background-type":"","background-media":"","overlay-type":"","overlay-color":"","overlay-opacity":"","overlay-gradient":""},"mobile":{"background-color":"var(--ast-global-color-5)","background-image":"","background-repeat":"repeat","background-position":"center center","background-size":"auto","background-attachment":"scroll","background-type":"","background-media":"","overlay-type":"","overlay-color":"","overlay-opacity":"","overlay-gradient":""}},"_joinchat":[],"footnotes":""},"coauthors":[],"class_list":["post-8605","page","type-page","status-publish","hentry"],"rttpg_featured_image_url":null,"rttpg_author":{"display_name":"Daniela Hern\u00e1ndez","author_link":"https:\/\/nexo.legal\/es\/author\/direccioncomercial\/"},"rttpg_comment":0,"rttpg_category":"","rttpg_excerpt":"thank you for reaching out to us! Our team will review your submission and will contact you soon to address [&hellip;]","_links":{"self":[{"href":"https:\/\/nexo.legal\/es\/wp-json\/wp\/v2\/pages\/8605","targetHints":{"allow":["GET"]}}],"collection":[{"href":"https:\/\/nexo.legal\/es\/wp-json\/wp\/v2\/pages"}],"about":[{"href":"https:\/\/nexo.legal\/es\/wp-json\/wp\/v2\/types\/page"}],"author":[{"embeddable":true,"href":"https:\/\/nexo.legal\/es\/wp-json\/wp\/v2\/users\/1"}],"replies":[{"embeddable":true,"href":"https:\/\/nexo.legal\/es\/wp-json\/wp\/v2\/comments?post=8605"}],"version-history":[{"count":25,"href":"https:\/\/nexo.legal\/es\/wp-json\/wp\/v2\/pages\/8605\/revisions"}],"predecessor-version":[{"id":14042,"href":"https:\/\/nexo.legal\/es\/wp-json\/wp\/v2\/pages\/8605\/revisions\/14042"}],"wp:attachment":[{"href":"https:\/\/nexo.legal\/es\/wp-json\/wp\/v2\/media?parent=8605"}],"wp:term":[{"taxonomy":"author","embeddable":true,"href":"https:\/\/nexo.legal\/es\/wp-json\/wp\/v2\/coauthors?post=8605"}],"curies":[{"name":"wp","href":"https:\/\/api.w.org\/{rel}","templated":true}]}}